{"id":37,"date":"2017-10-30T20:18:39","date_gmt":"2017-10-30T19:18:39","guid":{"rendered":"https:\/\/websites.fraunhofer.de\/aktiv-kommunal\/?page_id=37"},"modified":"2017-10-30T20:18:39","modified_gmt":"2017-10-30T19:18:39","slug":"worum-geht-es","status":"publish","type":"page","link":"https:\/\/aktiv-kommunal.de\/index.php\/worum-geht-es\/","title":{"rendered":"Worum geht es?"},"content":{"rendered":"<p>Die \u00fcberwiegend mittelst\u00e4ndisch gepr\u00e4gte Kommunalwirtschaft steht im Zuge der Digitalisierung vor gravierenden Herausforderungen.<br \/>\nIm Zentrum stehen:<\/p>\n<ul>\n<li>die Neugestaltung der Kundeninteraktionen<\/li>\n<li>die Teilautomatisierung der Arbeitsprozesse<\/li>\n<li>die Ver\u00e4nderung der Gesch\u00e4ftsmodelle<\/li>\n<li>die Transformation der Unternehmenskultur<\/li>\n<\/ul>\n<p>Die damit verbundene Digitalisierung der Arbeit folgt jedoch besonderen Bedingungen, denn die Kommunalwirtschaft erstellt gesellschaftlich notwendige Ver- und Entsorgungsdienstleistungen, die ein hohes Ma\u00df an Stabilit\u00e4t und Versorgungssicherheit voraussetzen. In dieser Situation sind unternehmens- und branchenspezifische L\u00f6sungen zur Gestaltung digitaler Arbeitswelten gefragt, die digitale Effizienzvorteile nutzen, die aber zugleich einen positiven Mehrwert<br \/>\nf\u00fcr Mitarbeiter, Unternehmen und die Gesellschaft als Ganzes leisten.<\/p>\n","protected":false},"excerpt":{"rendered":"<p>Die \u00fcberwiegend mittelst\u00e4ndisch gepr\u00e4gte Kommunalwirtschaft steht im Zuge der Digitalisierung vor gravierenden Herausforderungen. Im Zentrum stehen: die Neugestaltung der Kundeninteraktionen die Teilautomatisierung der Arbeitsprozesse die Ver\u00e4nderung der Gesch\u00e4ftsmodelle die Transformation der Unternehmenskultur Die damit verbundene Digitalisierung der Arbeit folgt jedoch besonderen Bedingungen, denn die Kommunalwirtschaft erstellt gesellschaftlich notwendige Ver- und Entsorgungsdienstleistungen, die ein hohes Ma\u00df [&hellip;]<\/p>\n","protected":false},"author":1,"featured_media":0,"parent":0,"menu_order":0,"comment_status":"closed","ping_status":"closed","template":"","meta":{"_acf_changed":false,"footnotes":""},"acf":[],"_links":{"self":[{"href":"https:\/\/aktiv-kommunal.de\/index.php\/wp-json\/wp\/v2\/pages\/37"}],"collection":[{"href":"https:\/\/aktiv-kommunal.de\/index.php\/wp-json\/wp\/v2\/pages"}],"about":[{"href":"https:\/\/aktiv-kommunal.de\/index.php\/wp-json\/wp\/v2\/types\/page"}],"author":[{"embeddable":true,"href":"https:\/\/aktiv-kommunal.de\/index.php\/wp-json\/wp\/v2\/users\/1"}],"replies":[{"embeddable":true,"href":"https:\/\/aktiv-kommunal.de\/index.php\/wp-json\/wp\/v2\/comments?post=37"}],"version-history":[{"count":1,"href":"https:\/\/aktiv-kommunal.de\/index.php\/wp-json\/wp\/v2\/pages\/37\/revisions"}],"predecessor-version":[{"id":38,"href":"https:\/\/aktiv-kommunal.de\/index.php\/wp-json\/wp\/v2\/pages\/37\/revisions\/38"}],"wp:attachment":[{"href":"https:\/\/aktiv-kommunal.de\/index.php\/wp-json\/wp\/v2\/media?parent=37"}],"curies":[{"name":"wp","href":"https:\/\/api.w.org\/{rel}","templated":true}]}}